{"id":4082,"date":"2026-08-24T10:13:56","date_gmt":"2026-08-24T10:13:56","guid":{"rendered":"https:\/\/ejustice.ch\/?page_id=4082"},"modified":"2026-08-24T12:04:52","modified_gmt":"2026-08-24T12:04:52","slug":"impressions-de-la-journee-informatique-juridique-2026","status":"publish","type":"page","link":"https:\/\/ejustice.ch\/fr\/impressions-de-la-journee-informatique-juridique-2026\/","title":{"rendered":"Impressions de la Journ\u00e9e Informatique juridique 2026"},"content":{"rendered":"<div class=\"wpb-content-wrapper\"><p>[vc_row css_animation=&#8221;&#8221; row_type=&#8221;row&#8221; use_row_as_full_screen_section=&#8221;no&#8221; type=&#8221;grid&#8221; angled_section=&#8221;no&#8221; text_align=&#8221;left&#8221; background_image_as_pattern=&#8221;without_pattern&#8221; z_index=&#8221;&#8221; padding_top=&#8221;75&#8243; padding_bottom=&#8221;16&#8243; css=&#8221;.vc_custom_1725360740097{padding-top: 126px !important;padding-bottom: 56px !important;background-color: #ffffff !important;}&#8221; anchor=&#8221;menschen&#8221;][vc_column][vc_column_text css=&#8221;&#8221;]<\/p>\n<h3>Journ\u00e9e Informatique juridique<\/h3>\n<p>[\/vc_column_text][vc_empty_space][vc_column_text css=&#8221;&#8221;]Voici quelques impressions de l&#8217;\u00e9dition 2026[\/vc_column_text][vc_empty_space height=&#8221;17px&#8221;][\/vc_column][\/vc_row][vc_row css_animation=&#8221;&#8221; row_type=&#8221;row&#8221; use_row_as_full_screen_section=&#8221;no&#8221; type=&#8221;full_width&#8221; angled_section=&#8221;no&#8221; text_align=&#8221;left&#8221; background_image_as_pattern=&#8221;without_pattern&#8221; css=&#8221;.vc_custom_1730467385148{padding-top: 126px !important;padding-bottom: 55px !important;background-color: #ffffff !important;}&#8221; z_index=&#8221;&#8221;][vc_column]<div class=\"qode-advanced-image-gallery  qode-aig-grid-type qode-normal-space  qode-image-behavior-lightbox \">\n\t<div class=\"qode-aig-inner qode-outer-space qode-aig-grid qode-aig-three-columns\">\n\t\t\t\t\t<div class=\"qode-aig-image qode-item-space\">\n\t\t\t\t<div class=\"qode-aig-image-inner\">\n\t\t\t\t\t\t\t\t\t\t\t<a itemprop=\"image\" class=\"qode-aig-lightbox\" href=\"https:\/\/ejustice.ch\/wp-content\/uploads\/2026\/08\/Tagung-fuer-Informatik-2026-1.jpg\" data-rel=\"prettyPhoto[image_gallery_pretty_photo-713]\" title=\"Tagung f\u00fcr Informatik 2026-1\">\n\t\t\t\t\t\t\t\t\t\t\t<img loading=\"lazy\" decoding=\"async\" width=\"1920\" height=\"1280\" src=\"https:\/\/ejustice.ch\/wp-content\/uploads\/2026\/08\/Tagung-fuer-Informatik-2026-1.jpg\" class=\"attachment-full size-full\" alt=\"\" srcset=\"https:\/\/ejustice.ch\/wp-content\/uploads\/2026\/08\/Tagung-fuer-Informatik-2026-1.jpg 1920w, https:\/\/ejustice.ch\/wp-content\/uploads\/2026\/08\/Tagung-fuer-Informatik-2026-1-300x200.jpg 300w, https:\/\/ejustice.ch\/wp-content\/uploads\/2026\/08\/Tagung-fuer-Informatik-2026-1-1024x683.jpg 1024w, https:\/\/ejustice.ch\/wp-content\/uploads\/2026\/08\/Tagung-fuer-Informatik-2026-1-150x100.jpg 150w, https:\/\/ejustice.ch\/wp-content\/uploads\/2026\/08\/Tagung-fuer-Informatik-2026-1-768x512.jpg 768w, https:\/\/ejustice.ch\/wp-content\/uploads\/2026\/08\/Tagung-fuer-Informatik-2026-1-1536x1024.jpg 1536w, https:\/\/ejustice.ch\/wp-content\/uploads\/2026\/08\/Tagung-fuer-Informatik-2026-1-700x467.jpg 700w\" sizes=\"auto, (max-width: 1920px) 100vw, 1920px\" \/>\t\t\t\t\t\t<span class=\"aig-gallery-hover\">\n\t\t\t\t\t\t\t\t\t\t\t\t\t<\/span>\n\t\t\t\t\t\t\t\t\t\t\t<\/a>\n\t\t\t\t\t\t\t\t\t<\/div>\n\t\t\t<\/div>\n\t\t\t\t\t\t\t\t<div class=\"qode-aig-image qode-item-space\">\n\t\t\t\t<div class=\"qode-aig-image-inner\">\n\t\t\t\t\t\t\t\t\t\t\t<a itemprop=\"image\" class=\"qode-aig-lightbox\" href=\"https:\/\/ejustice.ch\/wp-content\/uploads\/2026\/08\/Tagung-fuer-Informatik-2026-3.jpg\" data-rel=\"prettyPhoto[image_gallery_pretty_photo-713]\" title=\"Tagung f\u00fcr Informatik 2026-3\">\n\t\t\t\t\t\t\t\t\t\t\t<img loading=\"lazy\" decoding=\"async\" width=\"1920\" height=\"1280\" src=\"https:\/\/ejustice.ch\/wp-content\/uploads\/2026\/08\/Tagung-fuer-Informatik-2026-3.jpg\" class=\"attachment-full size-full\" alt=\"\" srcset=\"https:\/\/ejustice.ch\/wp-content\/uploads\/2026\/08\/Tagung-fuer-Informatik-2026-3.jpg 1920w, https:\/\/ejustice.ch\/wp-content\/uploads\/2026\/08\/Tagung-fuer-Informatik-2026-3-300x200.jpg 300w, https:\/\/ejustice.ch\/wp-content\/uploads\/2026\/08\/Tagung-fuer-Informatik-2026-3-1024x683.jpg 1024w, https:\/\/ejustice.ch\/wp-content\/uploads\/2026\/08\/Tagung-fuer-Informatik-2026-3-150x100.jpg 150w, https:\/\/ejustice.ch\/wp-content\/uploads\/2026\/08\/Tagung-fuer-Informatik-2026-3-768x512.jpg 768w, https:\/\/ejustice.ch\/wp-content\/uploads\/2026\/08\/Tagung-fuer-Informatik-2026-3-1536x1024.jpg 1536w, https:\/\/ejustice.ch\/wp-content\/uploads\/2026\/08\/Tagung-fuer-Informatik-2026-3-700x467.jpg 700w\" sizes=\"auto, (max-width: 1920px) 100vw, 1920px\" \/>\t\t\t\t\t\t<span class=\"aig-gallery-hover\">\n\t\t\t\t\t\t\t\t\t\t\t\t\t<\/span>\n\t\t\t\t\t\t\t\t\t\t\t<\/a>\n\t\t\t\t\t\t\t\t\t<\/div>\n\t\t\t<\/div>\n\t\t\t\t\t\t\t\t<div class=\"qode-aig-image qode-item-space\">\n\t\t\t\t<div class=\"qode-aig-image-inner\">\n\t\t\t\t\t\t\t\t\t\t\t<a itemprop=\"image\" class=\"qode-aig-lightbox\" href=\"https:\/\/ejustice.ch\/wp-content\/uploads\/2026\/08\/Tagung-fuer-Informatik-2026-4.jpg\" data-rel=\"prettyPhoto[image_gallery_pretty_photo-713]\" title=\"Tagung f\u00fcr Informatik 2026-4\">\n\t\t\t\t\t\t\t\t\t\t\t<img loading=\"lazy\" decoding=\"async\" width=\"1280\" height=\"1920\" src=\"https:\/\/ejustice.ch\/wp-content\/uploads\/2026\/08\/Tagung-fuer-Informatik-2026-4.jpg\" class=\"attachment-full size-full\" alt=\"\" srcset=\"https:\/\/ejustice.ch\/wp-content\/uploads\/2026\/08\/Tagung-fuer-Informatik-2026-4.jpg 1280w, https:\/\/ejustice.ch\/wp-content\/uploads\/2026\/08\/Tagung-fuer-Informatik-2026-4-200x300.jpg 200w, https:\/\/ejustice.ch\/wp-content\/uploads\/2026\/08\/Tagung-fuer-Informatik-2026-4-683x1024.jpg 683w, https:\/\/ejustice.ch\/wp-content\/uploads\/2026\/08\/Tagung-fuer-Informatik-2026-4-100x150.jpg 100w, https:\/\/ejustice.ch\/wp-content\/uploads\/2026\/08\/Tagung-fuer-Informatik-2026-4-768x1152.jpg 768w, https:\/\/ejustice.ch\/wp-content\/uploads\/2026\/08\/Tagung-fuer-Informatik-2026-4-1024x1536.jpg 1024w, https:\/\/ejustice.ch\/wp-content\/uploads\/2026\/08\/Tagung-fuer-Informatik-2026-4-700x1050.jpg 700w\" sizes=\"auto, (max-width: 1280px) 100vw, 1280px\" \/>\t\t\t\t\t\t<span class=\"aig-gallery-hover\">\n\t\t\t\t\t\t\t\t\t\t\t\t\t<\/span>\n\t\t\t\t\t\t\t\t\t\t\t<\/a>\n\t\t\t\t\t\t\t\t\t<\/div>\n\t\t\t<\/div>\n\t\t\t\t\t\t\t\t<div class=\"qode-aig-image qode-item-space\">\n\t\t\t\t<div class=\"qode-aig-image-inner\">\n\t\t\t\t\t\t\t\t\t\t\t<a itemprop=\"image\" class=\"qode-aig-lightbox\" href=\"https:\/\/ejustice.ch\/wp-content\/uploads\/2026\/08\/Tagung-fuer-Informatik-2026-5.jpg\" data-rel=\"prettyPhoto[image_gallery_pretty_photo-713]\" title=\"Tagung f\u00fcr Informatik 2026-5\">\n\t\t\t\t\t\t\t\t\t\t\t<img loading=\"lazy\" decoding=\"async\" width=\"1280\" height=\"1920\" src=\"https:\/\/ejustice.ch\/wp-content\/uploads\/2026\/08\/Tagung-fuer-Informatik-2026-5.jpg\" class=\"attachment-full size-full\" alt=\"\" srcset=\"https:\/\/ejustice.ch\/wp-content\/uploads\/2026\/08\/Tagung-fuer-Informatik-2026-5.jpg 1280w, https:\/\/ejustice.ch\/wp-content\/uploads\/2026\/08\/Tagung-fuer-Informatik-2026-5-200x300.jpg 200w, https:\/\/ejustice.ch\/wp-content\/uploads\/2026\/08\/Tagung-fuer-Informatik-2026-5-683x1024.jpg 683w, https:\/\/ejustice.ch\/wp-content\/uploads\/2026\/08\/Tagung-fuer-Informatik-2026-5-100x150.jpg 100w, https:\/\/ejustice.ch\/wp-content\/uploads\/2026\/08\/Tagung-fuer-Informatik-2026-5-768x1152.jpg 768w, https:\/\/ejustice.ch\/wp-content\/uploads\/2026\/08\/Tagung-fuer-Informatik-2026-5-1024x1536.jpg 1024w, https:\/\/ejustice.ch\/wp-content\/uploads\/2026\/08\/Tagung-fuer-Informatik-2026-5-700x1050.jpg 700w\" sizes=\"auto, (max-width: 1280px) 100vw, 1280px\" \/>\t\t\t\t\t\t<span class=\"aig-gallery-hover\">\n\t\t\t\t\t\t\t\t\t\t\t\t\t<\/span>\n\t\t\t\t\t\t\t\t\t\t\t<\/a>\n\t\t\t\t\t\t\t\t\t<\/div>\n\t\t\t<\/div>\n\t\t\t\t\t\t\t\t<div class=\"qode-aig-image qode-item-space\">\n\t\t\t\t<div class=\"qode-aig-image-inner\">\n\t\t\t\t\t\t\t\t\t\t\t<a itemprop=\"image\" class=\"qode-aig-lightbox\" href=\"https:\/\/ejustice.ch\/wp-content\/uploads\/2026\/08\/Tagung-fuer-Informatik-2026-6.jpg\" data-rel=\"prettyPhoto[image_gallery_pretty_photo-713]\" title=\"Tagung f\u00fcr Informatik 2026-6\">\n\t\t\t\t\t\t\t\t\t\t\t<img loading=\"lazy\" decoding=\"async\" width=\"1280\" height=\"1920\" src=\"https:\/\/ejustice.ch\/wp-content\/uploads\/2026\/08\/Tagung-fuer-Informatik-2026-6.jpg\" class=\"attachment-full size-full\" alt=\"\" srcset=\"https:\/\/ejustice.ch\/wp-content\/uploads\/2026\/08\/Tagung-fuer-Informatik-2026-6.jpg 1280w, https:\/\/ejustice.ch\/wp-content\/uploads\/2026\/08\/Tagung-fuer-Informatik-2026-6-200x300.jpg 200w, https:\/\/ejustice.ch\/wp-content\/uploads\/2026\/08\/Tagung-fuer-Informatik-2026-6-683x1024.jpg 683w, https:\/\/ejustice.ch\/wp-content\/uploads\/2026\/08\/Tagung-fuer-Informatik-2026-6-100x150.jpg 100w, https:\/\/ejustice.ch\/wp-content\/uploads\/2026\/08\/Tagung-fuer-Informatik-2026-6-768x1152.jpg 768w, https:\/\/ejustice.ch\/wp-content\/uploads\/2026\/08\/Tagung-fuer-Informatik-2026-6-1024x1536.jpg 1024w, https:\/\/ejustice.ch\/wp-content\/uploads\/2026\/08\/Tagung-fuer-Informatik-2026-6-700x1050.jpg 700w\" sizes=\"auto, (max-width: 1280px) 100vw, 1280px\" \/>\t\t\t\t\t\t<span class=\"aig-gallery-hover\">\n\t\t\t\t\t\t\t\t\t\t\t\t\t<\/span>\n\t\t\t\t\t\t\t\t\t\t\t<\/a>\n\t\t\t\t\t\t\t\t\t<\/div>\n\t\t\t<\/div>\n\t\t\t\t\t\t\t\t<div class=\"qode-aig-image qode-item-space\">\n\t\t\t\t<div class=\"qode-aig-image-inner\">\n\t\t\t\t\t\t\t\t\t\t\t<a itemprop=\"image\" class=\"qode-aig-lightbox\" href=\"https:\/\/ejustice.ch\/wp-content\/uploads\/2026\/08\/Tagung-fuer-Informatik-2026-7.jpg\" data-rel=\"prettyPhoto[image_gallery_pretty_photo-713]\" title=\"Tagung f\u00fcr Informatik 2026-7\">\n\t\t\t\t\t\t\t\t\t\t\t<img loading=\"lazy\" decoding=\"async\" width=\"1920\" height=\"1280\" src=\"https:\/\/ejustice.ch\/wp-content\/uploads\/2026\/08\/Tagung-fuer-Informatik-2026-7.jpg\" class=\"attachment-full size-full\" alt=\"\" srcset=\"https:\/\/ejustice.ch\/wp-content\/uploads\/2026\/08\/Tagung-fuer-Informatik-2026-7.jpg 1920w, https:\/\/ejustice.ch\/wp-content\/uploads\/2026\/08\/Tagung-fuer-Informatik-2026-7-300x200.jpg 300w, https:\/\/ejustice.ch\/wp-content\/uploads\/2026\/08\/Tagung-fuer-Informatik-2026-7-1024x683.jpg 1024w, https:\/\/ejustice.ch\/wp-content\/uploads\/2026\/08\/Tagung-fuer-Informatik-2026-7-150x100.jpg 150w, https:\/\/ejustice.ch\/wp-content\/uploads\/2026\/08\/Tagung-fuer-Informatik-2026-7-768x512.jpg 768w, https:\/\/ejustice.ch\/wp-content\/uploads\/2026\/08\/Tagung-fuer-Informatik-2026-7-1536x1024.jpg 1536w, https:\/\/ejustice.ch\/wp-content\/uploads\/2026\/08\/Tagung-fuer-Informatik-2026-7-700x467.jpg 700w\" sizes=\"auto, (max-width: 1920px) 100vw, 1920px\" \/>\t\t\t\t\t\t<span class=\"aig-gallery-hover\">\n\t\t\t\t\t\t\t\t\t\t\t\t\t<\/span>\n\t\t\t\t\t\t\t\t\t\t\t<\/a>\n\t\t\t\t\t\t\t\t\t<\/div>\n\t\t\t<\/div>\n\t\t\t\t\t\t\t\t<div class=\"qode-aig-image qode-item-space\">\n\t\t\t\t<div class=\"qode-aig-image-inner\">\n\t\t\t\t\t\t\t\t\t\t\t<a itemprop=\"image\" class=\"qode-aig-lightbox\" href=\"https:\/\/ejustice.ch\/wp-content\/uploads\/2026\/08\/Tagung-fuer-Informatik-2026-8.jpg\" data-rel=\"prettyPhoto[image_gallery_pretty_photo-713]\" title=\"Tagung f\u00fcr Informatik 2026-8\">\n\t\t\t\t\t\t\t\t\t\t\t<img loading=\"lazy\" decoding=\"async\" width=\"1280\" height=\"1920\" src=\"https:\/\/ejustice.ch\/wp-content\/uploads\/2026\/08\/Tagung-fuer-Informatik-2026-8.jpg\" class=\"attachment-full size-full\" alt=\"\" srcset=\"https:\/\/ejustice.ch\/wp-content\/uploads\/2026\/08\/Tagung-fuer-Informatik-2026-8.jpg 1280w, https:\/\/ejustice.ch\/wp-content\/uploads\/2026\/08\/Tagung-fuer-Informatik-2026-8-200x300.jpg 200w, https:\/\/ejustice.ch\/wp-content\/uploads\/2026\/08\/Tagung-fuer-Informatik-2026-8-683x1024.jpg 683w, https:\/\/ejustice.ch\/wp-content\/uploads\/2026\/08\/Tagung-fuer-Informatik-2026-8-100x150.jpg 100w, https:\/\/ejustice.ch\/wp-content\/uploads\/2026\/08\/Tagung-fuer-Informatik-2026-8-768x1152.jpg 768w, https:\/\/ejustice.ch\/wp-content\/uploads\/2026\/08\/Tagung-fuer-Informatik-2026-8-1024x1536.jpg 1024w, https:\/\/ejustice.ch\/wp-content\/uploads\/2026\/08\/Tagung-fuer-Informatik-2026-8-700x1050.jpg 700w\" sizes=\"auto, (max-width: 1280px) 100vw, 1280px\" \/>\t\t\t\t\t\t<span class=\"aig-gallery-hover\">\n\t\t\t\t\t\t\t\t\t\t\t\t\t<\/span>\n\t\t\t\t\t\t\t\t\t\t\t<\/a>\n\t\t\t\t\t\t\t\t\t<\/div>\n\t\t\t<\/div>\n\t\t\t\t\t\t\t\t<div class=\"qode-aig-image qode-item-space\">\n\t\t\t\t<div class=\"qode-aig-image-inner\">\n\t\t\t\t\t\t\t\t\t\t\t<a itemprop=\"image\" class=\"qode-aig-lightbox\" href=\"https:\/\/ejustice.ch\/wp-content\/uploads\/2026\/08\/Tagung-fuer-Informatik-2026-9.jpg\" data-rel=\"prettyPhoto[image_gallery_pretty_photo-713]\" title=\"Tagung f\u00fcr Informatik 2026-9\">\n\t\t\t\t\t\t\t\t\t\t\t<img loading=\"lazy\" decoding=\"async\" width=\"1280\" height=\"1920\" src=\"https:\/\/ejustice.ch\/wp-content\/uploads\/2026\/08\/Tagung-fuer-Informatik-2026-9.jpg\" class=\"attachment-full size-full\" alt=\"\" srcset=\"https:\/\/ejustice.ch\/wp-content\/uploads\/2026\/08\/Tagung-fuer-Informatik-2026-9.jpg 1280w, https:\/\/ejustice.ch\/wp-content\/uploads\/2026\/08\/Tagung-fuer-Informatik-2026-9-200x300.jpg 200w, https:\/\/ejustice.ch\/wp-content\/uploads\/2026\/08\/Tagung-fuer-Informatik-2026-9-683x1024.jpg 683w, https:\/\/ejustice.ch\/wp-content\/uploads\/2026\/08\/Tagung-fuer-Informatik-2026-9-100x150.jpg 100w, https:\/\/ejustice.ch\/wp-content\/uploads\/2026\/08\/Tagung-fuer-Informatik-2026-9-768x1152.jpg 768w, https:\/\/ejustice.ch\/wp-content\/uploads\/2026\/08\/Tagung-fuer-Informatik-2026-9-1024x1536.jpg 1024w, https:\/\/ejustice.ch\/wp-content\/uploads\/2026\/08\/Tagung-fuer-Informatik-2026-9-700x1050.jpg 700w\" sizes=\"auto, (max-width: 1280px) 100vw, 1280px\" \/>\t\t\t\t\t\t<span class=\"aig-gallery-hover\">\n\t\t\t\t\t\t\t\t\t\t\t\t\t<\/span>\n\t\t\t\t\t\t\t\t\t\t\t<\/a>\n\t\t\t\t\t\t\t\t\t<\/div>\n\t\t\t<\/div>\n\t\t\t\t\t\t\t\t<div class=\"qode-aig-image qode-item-space\">\n\t\t\t\t<div class=\"qode-aig-image-inner\">\n\t\t\t\t\t\t\t\t\t\t\t<a itemprop=\"image\" class=\"qode-aig-lightbox\" href=\"https:\/\/ejustice.ch\/wp-content\/uploads\/2026\/08\/Tagung-fuer-Informatik-2026-10.jpg\" data-rel=\"prettyPhoto[image_gallery_pretty_photo-713]\" title=\"Tagung f\u00fcr Informatik 2026-10\">\n\t\t\t\t\t\t\t\t\t\t\t<img loading=\"lazy\" decoding=\"async\" width=\"1920\" height=\"1280\" src=\"https:\/\/ejustice.ch\/wp-content\/uploads\/2026\/08\/Tagung-fuer-Informatik-2026-10.jpg\" class=\"attachment-full size-full\" alt=\"\" srcset=\"https:\/\/ejustice.ch\/wp-content\/uploads\/2026\/08\/Tagung-fuer-Informatik-2026-10.jpg 1920w, https:\/\/ejustice.ch\/wp-content\/uploads\/2026\/08\/Tagung-fuer-Informatik-2026-10-300x200.jpg 300w, https:\/\/ejustice.ch\/wp-content\/uploads\/2026\/08\/Tagung-fuer-Informatik-2026-10-1024x683.jpg 1024w, https:\/\/ejustice.ch\/wp-content\/uploads\/2026\/08\/Tagung-fuer-Informatik-2026-10-150x100.jpg 150w, https:\/\/ejustice.ch\/wp-content\/uploads\/2026\/08\/Tagung-fuer-Informatik-2026-10-768x512.jpg 768w, https:\/\/ejustice.ch\/wp-content\/uploads\/2026\/08\/Tagung-fuer-Informatik-2026-10-1536x1024.jpg 1536w, https:\/\/ejustice.ch\/wp-content\/uploads\/2026\/08\/Tagung-fuer-Informatik-2026-10-700x467.jpg 700w\" sizes=\"auto, (max-width: 1920px) 100vw, 1920px\" \/>\t\t\t\t\t\t<span class=\"aig-gallery-hover\">\n\t\t\t\t\t\t\t\t\t\t\t\t\t<\/span>\n\t\t\t\t\t\t\t\t\t\t\t<\/a>\n\t\t\t\t\t\t\t\t\t<\/div>\n\t\t\t<\/div>\n\t\t\t\t\t\t\t\t<div class=\"qode-aig-image qode-item-space\">\n\t\t\t\t<div class=\"qode-aig-image-inner\">\n\t\t\t\t\t\t\t\t\t\t\t<a itemprop=\"image\" class=\"qode-aig-lightbox\" href=\"https:\/\/ejustice.ch\/wp-content\/uploads\/2026\/08\/Tagung-fuer-Informatik-2026-11.jpg\" data-rel=\"prettyPhoto[image_gallery_pretty_photo-713]\" title=\"Tagung f\u00fcr Informatik 2026-11\">\n\t\t\t\t\t\t\t\t\t\t\t<img loading=\"lazy\" decoding=\"async\" width=\"1280\" height=\"1920\" src=\"https:\/\/ejustice.ch\/wp-content\/uploads\/2026\/08\/Tagung-fuer-Informatik-2026-11.jpg\" class=\"attachment-full size-full\" alt=\"\" srcset=\"https:\/\/ejustice.ch\/wp-content\/uploads\/2026\/08\/Tagung-fuer-Informatik-2026-11.jpg 1280w, https:\/\/ejustice.ch\/wp-content\/uploads\/2026\/08\/Tagung-fuer-Informatik-2026-11-200x300.jpg 200w, https:\/\/ejustice.ch\/wp-content\/uploads\/2026\/08\/Tagung-fuer-Informatik-2026-11-683x1024.jpg 683w, https:\/\/ejustice.ch\/wp-content\/uploads\/2026\/08\/Tagung-fuer-Informatik-2026-11-100x150.jpg 100w, https:\/\/ejustice.ch\/wp-content\/uploads\/2026\/08\/Tagung-fuer-Informatik-2026-11-768x1152.jpg 768w, https:\/\/ejustice.ch\/wp-content\/uploads\/2026\/08\/Tagung-fuer-Informatik-2026-11-1024x1536.jpg 1024w, https:\/\/ejustice.ch\/wp-content\/uploads\/2026\/08\/Tagung-fuer-Informatik-2026-11-700x1050.jpg 700w\" sizes=\"auto, (max-width: 1280px) 100vw, 1280px\" \/>\t\t\t\t\t\t<span class=\"aig-gallery-hover\">\n\t\t\t\t\t\t\t\t\t\t\t\t\t<\/span>\n\t\t\t\t\t\t\t\t\t\t\t<\/a>\n\t\t\t\t\t\t\t\t\t<\/div>\n\t\t\t<\/div>\n\t\t\t\t\t\t\t\t<div class=\"qode-aig-image qode-item-space\">\n\t\t\t\t<div class=\"qode-aig-image-inner\">\n\t\t\t\t\t\t\t\t\t\t\t<a itemprop=\"image\" class=\"qode-aig-lightbox\" href=\"https:\/\/ejustice.ch\/wp-content\/uploads\/2026\/08\/Tagung-fuer-Informatik-2026-12.jpg\" data-rel=\"prettyPhoto[image_gallery_pretty_photo-713]\" title=\"Tagung f\u00fcr Informatik 2026-12\">\n\t\t\t\t\t\t\t\t\t\t\t<img loading=\"lazy\" decoding=\"async\" width=\"1280\" height=\"1920\" src=\"https:\/\/ejustice.ch\/wp-content\/uploads\/2026\/08\/Tagung-fuer-Informatik-2026-12.jpg\" class=\"attachment-full size-full\" alt=\"\" srcset=\"https:\/\/ejustice.ch\/wp-content\/uploads\/2026\/08\/Tagung-fuer-Informatik-2026-12.jpg 1280w, https:\/\/ejustice.ch\/wp-content\/uploads\/2026\/08\/Tagung-fuer-Informatik-2026-12-200x300.jpg 200w, https:\/\/ejustice.ch\/wp-content\/uploads\/2026\/08\/Tagung-fuer-Informatik-2026-12-683x1024.jpg 683w, https:\/\/ejustice.ch\/wp-content\/uploads\/2026\/08\/Tagung-fuer-Informatik-2026-12-100x150.jpg 100w, https:\/\/ejustice.ch\/wp-content\/uploads\/2026\/08\/Tagung-fuer-Informatik-2026-12-768x1152.jpg 768w, https:\/\/ejustice.ch\/wp-content\/uploads\/2026\/08\/Tagung-fuer-Informatik-2026-12-1024x1536.jpg 1024w, https:\/\/ejustice.ch\/wp-content\/uploads\/2026\/08\/Tagung-fuer-Informatik-2026-12-700x1050.jpg 700w\" sizes=\"auto, (max-width: 1280px) 100vw, 1280px\" \/>\t\t\t\t\t\t<span class=\"aig-gallery-hover\">\n\t\t\t\t\t\t\t\t\t\t\t\t\t<\/span>\n\t\t\t\t\t\t\t\t\t\t\t<\/a>\n\t\t\t\t\t\t\t\t\t<\/div>\n\t\t\t<\/div>\n\t\t\t\t\t\t\t\t<div class=\"qode-aig-image qode-item-space\">\n\t\t\t\t<div class=\"qode-aig-image-inner\">\n\t\t\t\t\t\t\t\t\t\t\t<a itemprop=\"image\" class=\"qode-aig-lightbox\" href=\"https:\/\/ejustice.ch\/wp-content\/uploads\/2026\/08\/Tagung-fuer-Informatik-2026-13.jpg\" data-rel=\"prettyPhoto[image_gallery_pretty_photo-713]\" title=\"Tagung f\u00fcr Informatik 2026-13\">\n\t\t\t\t\t\t\t\t\t\t\t<img loading=\"lazy\" decoding=\"async\" width=\"1280\" height=\"1920\" src=\"https:\/\/ejustice.ch\/wp-content\/uploads\/2026\/08\/Tagung-fuer-Informatik-2026-13.jpg\" class=\"attachment-full size-full\" alt=\"\" srcset=\"https:\/\/ejustice.ch\/wp-content\/uploads\/2026\/08\/Tagung-fuer-Informatik-2026-13.jpg 1280w, https:\/\/ejustice.ch\/wp-content\/uploads\/2026\/08\/Tagung-fuer-Informatik-2026-13-200x300.jpg 200w, https:\/\/ejustice.ch\/wp-content\/uploads\/2026\/08\/Tagung-fuer-Informatik-2026-13-683x1024.jpg 683w, https:\/\/ejustice.ch\/wp-content\/uploads\/2026\/08\/Tagung-fuer-Informatik-2026-13-100x150.jpg 100w, https:\/\/ejustice.ch\/wp-content\/uploads\/2026\/08\/Tagung-fuer-Informatik-2026-13-768x1152.jpg 768w, https:\/\/ejustice.ch\/wp-content\/uploads\/2026\/08\/Tagung-fuer-Informatik-2026-13-1024x1536.jpg 1024w, https:\/\/ejustice.ch\/wp-content\/uploads\/2026\/08\/Tagung-fuer-Informatik-2026-13-700x1050.jpg 700w\" sizes=\"auto, (max-width: 1280px) 100vw, 1280px\" \/>\t\t\t\t\t\t<span class=\"aig-gallery-hover\">\n\t\t\t\t\t\t\t\t\t\t\t\t\t<\/span>\n\t\t\t\t\t\t\t\t\t\t\t<\/a>\n\t\t\t\t\t\t\t\t\t<\/div>\n\t\t\t<\/div>\n\t\t\t\t\t\t\t\t<div class=\"qode-aig-image qode-item-space\">\n\t\t\t\t<div class=\"qode-aig-image-inner\">\n\t\t\t\t\t\t\t\t\t\t\t<a itemprop=\"image\" class=\"qode-aig-lightbox\" href=\"https:\/\/ejustice.ch\/wp-content\/uploads\/2026\/08\/Tagung-fuer-Informatik-2026-14.jpg\" data-rel=\"prettyPhoto[image_gallery_pretty_photo-713]\" title=\"Tagung f\u00fcr Informatik 2026-14\">\n\t\t\t\t\t\t\t\t\t\t\t<img loading=\"lazy\" decoding=\"async\" width=\"1280\" height=\"1920\" src=\"https:\/\/ejustice.ch\/wp-content\/uploads\/2026\/08\/Tagung-fuer-Informatik-2026-14.jpg\" class=\"attachment-full size-full\" alt=\"\" srcset=\"https:\/\/ejustice.ch\/wp-content\/uploads\/2026\/08\/Tagung-fuer-Informatik-2026-14.jpg 1280w, https:\/\/ejustice.ch\/wp-content\/uploads\/2026\/08\/Tagung-fuer-Informatik-2026-14-200x300.jpg 200w, https:\/\/ejustice.ch\/wp-content\/uploads\/2026\/08\/Tagung-fuer-Informatik-2026-14-683x1024.jpg 683w, https:\/\/ejustice.ch\/wp-content\/uploads\/2026\/08\/Tagung-fuer-Informatik-2026-14-100x150.jpg 100w, https:\/\/ejustice.ch\/wp-content\/uploads\/2026\/08\/Tagung-fuer-Informatik-2026-14-768x1152.jpg 768w, https:\/\/ejustice.ch\/wp-content\/uploads\/2026\/08\/Tagung-fuer-Informatik-2026-14-1024x1536.jpg 1024w, https:\/\/ejustice.ch\/wp-content\/uploads\/2026\/08\/Tagung-fuer-Informatik-2026-14-700x1050.jpg 700w\" sizes=\"auto, (max-width: 1280px) 100vw, 1280px\" \/>\t\t\t\t\t\t<span class=\"aig-gallery-hover\">\n\t\t\t\t\t\t\t\t\t\t\t\t\t<\/span>\n\t\t\t\t\t\t\t\t\t\t\t<\/a>\n\t\t\t\t\t\t\t\t\t<\/div>\n\t\t\t<\/div>\n\t\t\t\t\t\t\t\t<div class=\"qode-aig-image qode-item-space\">\n\t\t\t\t<div class=\"qode-aig-image-inner\">\n\t\t\t\t\t\t\t\t\t\t\t<a itemprop=\"image\" class=\"qode-aig-lightbox\" href=\"https:\/\/ejustice.ch\/wp-content\/uploads\/2026\/08\/Tagung-fuer-Informatik-2026-15.jpg\" data-rel=\"prettyPhoto[image_gallery_pretty_photo-713]\" title=\"Tagung f\u00fcr Informatik 2026-15\">\n\t\t\t\t\t\t\t\t\t\t\t<img loading=\"lazy\" decoding=\"async\" width=\"1280\" height=\"1920\" src=\"https:\/\/ejustice.ch\/wp-content\/uploads\/2026\/08\/Tagung-fuer-Informatik-2026-15.jpg\" class=\"attachment-full size-full\" alt=\"\" srcset=\"https:\/\/ejustice.ch\/wp-content\/uploads\/2026\/08\/Tagung-fuer-Informatik-2026-15.jpg 1280w, https:\/\/ejustice.ch\/wp-content\/uploads\/2026\/08\/Tagung-fuer-Informatik-2026-15-200x300.jpg 200w, https:\/\/ejustice.ch\/wp-content\/uploads\/2026\/08\/Tagung-fuer-Informatik-2026-15-683x1024.jpg 683w, https:\/\/ejustice.ch\/wp-content\/uploads\/2026\/08\/Tagung-fuer-Informatik-2026-15-100x150.jpg 100w, https:\/\/ejustice.ch\/wp-content\/uploads\/2026\/08\/Tagung-fuer-Informatik-2026-15-768x1152.jpg 768w, https:\/\/ejustice.ch\/wp-content\/uploads\/2026\/08\/Tagung-fuer-Informatik-2026-15-1024x1536.jpg 1024w, https:\/\/ejustice.ch\/wp-content\/uploads\/2026\/08\/Tagung-fuer-Informatik-2026-15-700x1050.jpg 700w\" sizes=\"auto, (max-width: 1280px) 100vw, 1280px\" \/>\t\t\t\t\t\t<span class=\"aig-gallery-hover\">\n\t\t\t\t\t\t\t\t\t\t\t\t\t<\/span>\n\t\t\t\t\t\t\t\t\t\t\t<\/a>\n\t\t\t\t\t\t\t\t\t<\/div>\n\t\t\t<\/div>\n\t\t\t\t\t\t\t\t<div class=\"qode-aig-image qode-item-space\">\n\t\t\t\t<div class=\"qode-aig-image-inner\">\n\t\t\t\t\t\t\t\t\t\t\t<a itemprop=\"image\" class=\"qode-aig-lightbox\" href=\"https:\/\/ejustice.ch\/wp-content\/uploads\/2026\/08\/Tagung-fuer-Informatik-2026-16.jpg\" data-rel=\"prettyPhoto[image_gallery_pretty_photo-713]\" title=\"Tagung f\u00fcr Informatik 2026-16\">\n\t\t\t\t\t\t\t\t\t\t\t<img loading=\"lazy\" decoding=\"async\" width=\"1280\" height=\"1920\" src=\"https:\/\/ejustice.ch\/wp-content\/uploads\/2026\/08\/Tagung-fuer-Informatik-2026-16.jpg\" class=\"attachment-full size-full\" alt=\"\" srcset=\"https:\/\/ejustice.ch\/wp-content\/uploads\/2026\/08\/Tagung-fuer-Informatik-2026-16.jpg 1280w, https:\/\/ejustice.ch\/wp-content\/uploads\/2026\/08\/Tagung-fuer-Informatik-2026-16-200x300.jpg 200w, https:\/\/ejustice.ch\/wp-content\/uploads\/2026\/08\/Tagung-fuer-Informatik-2026-16-683x1024.jpg 683w, https:\/\/ejustice.ch\/wp-content\/uploads\/2026\/08\/Tagung-fuer-Informatik-2026-16-100x150.jpg 100w, https:\/\/ejustice.ch\/wp-content\/uploads\/2026\/08\/Tagung-fuer-Informatik-2026-16-768x1152.jpg 768w, https:\/\/ejustice.ch\/wp-content\/uploads\/2026\/08\/Tagung-fuer-Informatik-2026-16-1024x1536.jpg 1024w, https:\/\/ejustice.ch\/wp-content\/uploads\/2026\/08\/Tagung-fuer-Informatik-2026-16-700x1050.jpg 700w\" sizes=\"auto, (max-width: 1280px) 100vw, 1280px\" \/>\t\t\t\t\t\t<span class=\"aig-gallery-hover\">\n\t\t\t\t\t\t\t\t\t\t\t\t\t<\/span>\n\t\t\t\t\t\t\t\t\t\t\t<\/a>\n\t\t\t\t\t\t\t\t\t<\/div>\n\t\t\t<\/div>\n\t\t\t\t\t\t\t\t<div class=\"qode-aig-image qode-item-space\">\n\t\t\t\t<div class=\"qode-aig-image-inner\">\n\t\t\t\t\t\t\t\t\t\t\t<a itemprop=\"image\" class=\"qode-aig-lightbox\" href=\"https:\/\/ejustice.ch\/wp-content\/uploads\/2026\/08\/Tagung-fuer-Informatik-2026-17.jpg\" data-rel=\"prettyPhoto[image_gallery_pretty_photo-713]\" title=\"Tagung f\u00fcr Informatik 2026-17\">\n\t\t\t\t\t\t\t\t\t\t\t<img loading=\"lazy\" decoding=\"async\" width=\"1280\" height=\"1920\" src=\"https:\/\/ejustice.ch\/wp-content\/uploads\/2026\/08\/Tagung-fuer-Informatik-2026-17.jpg\" class=\"attachment-full size-full\" alt=\"\" srcset=\"https:\/\/ejustice.ch\/wp-content\/uploads\/2026\/08\/Tagung-fuer-Informatik-2026-17.jpg 1280w, https:\/\/ejustice.ch\/wp-content\/uploads\/2026\/08\/Tagung-fuer-Informatik-2026-17-200x300.jpg 200w, https:\/\/ejustice.ch\/wp-content\/uploads\/2026\/08\/Tagung-fuer-Informatik-2026-17-683x1024.jpg 683w, https:\/\/ejustice.ch\/wp-content\/uploads\/2026\/08\/Tagung-fuer-Informatik-2026-17-100x150.jpg 100w, https:\/\/ejustice.ch\/wp-content\/uploads\/2026\/08\/Tagung-fuer-Informatik-2026-17-768x1152.jpg 768w, https:\/\/ejustice.ch\/wp-content\/uploads\/2026\/08\/Tagung-fuer-Informatik-2026-17-1024x1536.jpg 1024w, https:\/\/ejustice.ch\/wp-content\/uploads\/2026\/08\/Tagung-fuer-Informatik-2026-17-700x1050.jpg 700w\" sizes=\"auto, (max-width: 1280px) 100vw, 1280px\" \/>\t\t\t\t\t\t<span class=\"aig-gallery-hover\">\n\t\t\t\t\t\t\t\t\t\t\t\t\t<\/span>\n\t\t\t\t\t\t\t\t\t\t\t<\/a>\n\t\t\t\t\t\t\t\t\t<\/div>\n\t\t\t<\/div>\n\t\t\t\t\t\t\t\t<div class=\"qode-aig-image qode-item-space\">\n\t\t\t\t<div class=\"qode-aig-image-inner\">\n\t\t\t\t\t\t\t\t\t\t\t<a itemprop=\"image\" class=\"qode-aig-lightbox\" href=\"https:\/\/ejustice.ch\/wp-content\/uploads\/2026\/08\/Tagung-fuer-Informatik-2026-18.jpg\" data-rel=\"prettyPhoto[image_gallery_pretty_photo-713]\" title=\"Tagung f\u00fcr Informatik 2026-18\">\n\t\t\t\t\t\t\t\t\t\t\t<img loading=\"lazy\" decoding=\"async\" width=\"1280\" height=\"1920\" src=\"https:\/\/ejustice.ch\/wp-content\/uploads\/2026\/08\/Tagung-fuer-Informatik-2026-18.jpg\" class=\"attachment-full size-full\" alt=\"\" srcset=\"https:\/\/ejustice.ch\/wp-content\/uploads\/2026\/08\/Tagung-fuer-Informatik-2026-18.jpg 1280w, https:\/\/ejustice.ch\/wp-content\/uploads\/2026\/08\/Tagung-fuer-Informatik-2026-18-200x300.jpg 200w, https:\/\/ejustice.ch\/wp-content\/uploads\/2026\/08\/Tagung-fuer-Informatik-2026-18-683x1024.jpg 683w, https:\/\/ejustice.ch\/wp-content\/uploads\/2026\/08\/Tagung-fuer-Informatik-2026-18-100x150.jpg 100w, https:\/\/ejustice.ch\/wp-content\/uploads\/2026\/08\/Tagung-fuer-Informatik-2026-18-768x1152.jpg 768w, https:\/\/ejustice.ch\/wp-content\/uploads\/2026\/08\/Tagung-fuer-Informatik-2026-18-1024x1536.jpg 1024w, https:\/\/ejustice.ch\/wp-content\/uploads\/2026\/08\/Tagung-fuer-Informatik-2026-18-700x1050.jpg 700w\" sizes=\"auto, (max-width: 1280px) 100vw, 1280px\" \/>\t\t\t\t\t\t<span class=\"aig-gallery-hover\">\n\t\t\t\t\t\t\t\t\t\t\t\t\t<\/span>\n\t\t\t\t\t\t\t\t\t\t\t<\/a>\n\t\t\t\t\t\t\t\t\t<\/div>\n\t\t\t<\/div>\n\t\t\t\t\t\t\t\t<div class=\"qode-aig-image qode-item-space\">\n\t\t\t\t<div class=\"qode-aig-image-inner\">\n\t\t\t\t\t\t\t\t\t\t\t<a itemprop=\"image\" class=\"qode-aig-lightbox\" href=\"https:\/\/ejustice.ch\/wp-content\/uploads\/2026\/08\/Tagung-fuer-Informatik-2026-19.jpg\" data-rel=\"prettyPhoto[image_gallery_pretty_photo-713]\" title=\"Tagung fu\u0308r Informatik 2026-19\">\n\t\t\t\t\t\t\t\t\t\t\t<img loading=\"lazy\" decoding=\"async\" width=\"1920\" height=\"1280\" src=\"https:\/\/ejustice.ch\/wp-content\/uploads\/2026\/08\/Tagung-fuer-Informatik-2026-19.jpg\" class=\"attachment-full size-full\" alt=\"\" srcset=\"https:\/\/ejustice.ch\/wp-content\/uploads\/2026\/08\/Tagung-fuer-Informatik-2026-19.jpg 1920w, https:\/\/ejustice.ch\/wp-content\/uploads\/2026\/08\/Tagung-fuer-Informatik-2026-19-300x200.jpg 300w, https:\/\/ejustice.ch\/wp-content\/uploads\/2026\/08\/Tagung-fuer-Informatik-2026-19-1024x683.jpg 1024w, https:\/\/ejustice.ch\/wp-content\/uploads\/2026\/08\/Tagung-fuer-Informatik-2026-19-150x100.jpg 150w, https:\/\/ejustice.ch\/wp-content\/uploads\/2026\/08\/Tagung-fuer-Informatik-2026-19-768x512.jpg 768w, https:\/\/ejustice.ch\/wp-content\/uploads\/2026\/08\/Tagung-fuer-Informatik-2026-19-1536x1024.jpg 1536w, https:\/\/ejustice.ch\/wp-content\/uploads\/2026\/08\/Tagung-fuer-Informatik-2026-19-700x467.jpg 700w\" sizes=\"auto, (max-width: 1920px) 100vw, 1920px\" \/>\t\t\t\t\t\t<span class=\"aig-gallery-hover\">\n\t\t\t\t\t\t\t\t\t\t\t\t\t<\/span>\n\t\t\t\t\t\t\t\t\t\t\t<\/a>\n\t\t\t\t\t\t\t\t\t<\/div>\n\t\t\t<\/div>\n\t\t\t\t\t\t\t\t<div class=\"qode-aig-image qode-item-space\">\n\t\t\t\t<div class=\"qode-aig-image-inner\">\n\t\t\t\t\t\t\t\t\t\t\t<a itemprop=\"image\" class=\"qode-aig-lightbox\" href=\"https:\/\/ejustice.ch\/wp-content\/uploads\/2026\/08\/Tagung-fuer-Informatik-2026-20.jpg\" data-rel=\"prettyPhoto[image_gallery_pretty_photo-713]\" title=\"Tagung f\u00fcr Informatik 2026-20\">\n\t\t\t\t\t\t\t\t\t\t\t<img loading=\"lazy\" decoding=\"async\" width=\"1280\" height=\"1920\" src=\"https:\/\/ejustice.ch\/wp-content\/uploads\/2026\/08\/Tagung-fuer-Informatik-2026-20.jpg\" class=\"attachment-full size-full\" alt=\"\" srcset=\"https:\/\/ejustice.ch\/wp-content\/uploads\/2026\/08\/Tagung-fuer-Informatik-2026-20.jpg 1280w, https:\/\/ejustice.ch\/wp-content\/uploads\/2026\/08\/Tagung-fuer-Informatik-2026-20-200x300.jpg 200w, https:\/\/ejustice.ch\/wp-content\/uploads\/2026\/08\/Tagung-fuer-Informatik-2026-20-683x1024.jpg 683w, https:\/\/ejustice.ch\/wp-content\/uploads\/2026\/08\/Tagung-fuer-Informatik-2026-20-100x150.jpg 100w, https:\/\/ejustice.ch\/wp-content\/uploads\/2026\/08\/Tagung-fuer-Informatik-2026-20-768x1152.jpg 768w, https:\/\/ejustice.ch\/wp-content\/uploads\/2026\/08\/Tagung-fuer-Informatik-2026-20-1024x1536.jpg 1024w, https:\/\/ejustice.ch\/wp-content\/uploads\/2026\/08\/Tagung-fuer-Informatik-2026-20-700x1050.jpg 700w\" sizes=\"auto, (max-width: 1280px) 100vw, 1280px\" \/>\t\t\t\t\t\t<span class=\"aig-gallery-hover\">\n\t\t\t\t\t\t\t\t\t\t\t\t\t<\/span>\n\t\t\t\t\t\t\t\t\t\t\t<\/a>\n\t\t\t\t\t\t\t\t\t<\/div>\n\t\t\t<\/div>\n\t\t\t\t\t\t\t\t<div class=\"qode-aig-image qode-item-space\">\n\t\t\t\t<div class=\"qode-aig-image-inner\">\n\t\t\t\t\t\t\t\t\t\t\t<a itemprop=\"image\" class=\"qode-aig-lightbox\" href=\"https:\/\/ejustice.ch\/wp-content\/uploads\/2026\/08\/Tagung-fuer-Informatik-2026-21.jpg\" data-rel=\"prettyPhoto[image_gallery_pretty_photo-713]\" title=\"Tagung f\u00fcr Informatik 2026-21\">\n\t\t\t\t\t\t\t\t\t\t\t<img loading=\"lazy\" decoding=\"async\" width=\"1280\" height=\"1920\" src=\"https:\/\/ejustice.ch\/wp-content\/uploads\/2026\/08\/Tagung-fuer-Informatik-2026-21.jpg\" class=\"attachment-full size-full\" alt=\"\" srcset=\"https:\/\/ejustice.ch\/wp-content\/uploads\/2026\/08\/Tagung-fuer-Informatik-2026-21.jpg 1280w, https:\/\/ejustice.ch\/wp-content\/uploads\/2026\/08\/Tagung-fuer-Informatik-2026-21-200x300.jpg 200w, https:\/\/ejustice.ch\/wp-content\/uploads\/2026\/08\/Tagung-fuer-Informatik-2026-21-683x1024.jpg 683w, https:\/\/ejustice.ch\/wp-content\/uploads\/2026\/08\/Tagung-fuer-Informatik-2026-21-100x150.jpg 100w, https:\/\/ejustice.ch\/wp-content\/uploads\/2026\/08\/Tagung-fuer-Informatik-2026-21-768x1152.jpg 768w, https:\/\/ejustice.ch\/wp-content\/uploads\/2026\/08\/Tagung-fuer-Informatik-2026-21-1024x1536.jpg 1024w, https:\/\/ejustice.ch\/wp-content\/uploads\/2026\/08\/Tagung-fuer-Informatik-2026-21-700x1050.jpg 700w\" sizes=\"auto, (max-width: 1280px) 100vw, 1280px\" \/>\t\t\t\t\t\t<span class=\"aig-gallery-hover\">\n\t\t\t\t\t\t\t\t\t\t\t\t\t<\/span>\n\t\t\t\t\t\t\t\t\t\t\t<\/a>\n\t\t\t\t\t\t\t\t\t<\/div>\n\t\t\t<\/div>\n\t\t\t\t\t\t\t\t<div class=\"qode-aig-image qode-item-space\">\n\t\t\t\t<div class=\"qode-aig-image-inner\">\n\t\t\t\t\t\t\t\t\t\t\t<a itemprop=\"image\" class=\"qode-aig-lightbox\" href=\"https:\/\/ejustice.ch\/wp-content\/uploads\/2026\/08\/Tagung-fuer-Informatik-2026-22.jpg\" data-rel=\"prettyPhoto[image_gallery_pretty_photo-713]\" title=\"Tagung f\u00fcr Informatik 2026-22\">\n\t\t\t\t\t\t\t\t\t\t\t<img loading=\"lazy\" decoding=\"async\" width=\"1280\" height=\"1920\" src=\"https:\/\/ejustice.ch\/wp-content\/uploads\/2026\/08\/Tagung-fuer-Informatik-2026-22.jpg\" class=\"attachment-full size-full\" alt=\"\" srcset=\"https:\/\/ejustice.ch\/wp-content\/uploads\/2026\/08\/Tagung-fuer-Informatik-2026-22.jpg 1280w, https:\/\/ejustice.ch\/wp-content\/uploads\/2026\/08\/Tagung-fuer-Informatik-2026-22-200x300.jpg 200w, https:\/\/ejustice.ch\/wp-content\/uploads\/2026\/08\/Tagung-fuer-Informatik-2026-22-683x1024.jpg 683w, https:\/\/ejustice.ch\/wp-content\/uploads\/2026\/08\/Tagung-fuer-Informatik-2026-22-100x150.jpg 100w, https:\/\/ejustice.ch\/wp-content\/uploads\/2026\/08\/Tagung-fuer-Informatik-2026-22-768x1152.jpg 768w, https:\/\/ejustice.ch\/wp-content\/uploads\/2026\/08\/Tagung-fuer-Informatik-2026-22-1024x1536.jpg 1024w, https:\/\/ejustice.ch\/wp-content\/uploads\/2026\/08\/Tagung-fuer-Informatik-2026-22-700x1050.jpg 700w\" sizes=\"auto, (max-width: 1280px) 100vw, 1280px\" \/>\t\t\t\t\t\t<span class=\"aig-gallery-hover\">\n\t\t\t\t\t\t\t\t\t\t\t\t\t<\/span>\n\t\t\t\t\t\t\t\t\t\t\t<\/a>\n\t\t\t\t\t\t\t\t\t<\/div>\n\t\t\t<\/div>\n\t\t\t\t\t\t\t\t<div class=\"qode-aig-image qode-item-space\">\n\t\t\t\t<div class=\"qode-aig-image-inner\">\n\t\t\t\t\t\t\t\t\t\t\t<a itemprop=\"image\" class=\"qode-aig-lightbox\" href=\"https:\/\/ejustice.ch\/wp-content\/uploads\/2026\/08\/Tagung-fuer-Informatik-2026-23.jpg\" data-rel=\"prettyPhoto[image_gallery_pretty_photo-713]\" title=\"Tagung f\u00fcr Informatik 2026-23\">\n\t\t\t\t\t\t\t\t\t\t\t<img loading=\"lazy\" decoding=\"async\" width=\"1280\" height=\"1920\" src=\"https:\/\/ejustice.ch\/wp-content\/uploads\/2026\/08\/Tagung-fuer-Informatik-2026-23.jpg\" class=\"attachment-full size-full\" alt=\"\" srcset=\"https:\/\/ejustice.ch\/wp-content\/uploads\/2026\/08\/Tagung-fuer-Informatik-2026-23.jpg 1280w, https:\/\/ejustice.ch\/wp-content\/uploads\/2026\/08\/Tagung-fuer-Informatik-2026-23-200x300.jpg 200w, https:\/\/ejustice.ch\/wp-content\/uploads\/2026\/08\/Tagung-fuer-Informatik-2026-23-683x1024.jpg 683w, https:\/\/ejustice.ch\/wp-content\/uploads\/2026\/08\/Tagung-fuer-Informatik-2026-23-100x150.jpg 100w, https:\/\/ejustice.ch\/wp-content\/uploads\/2026\/08\/Tagung-fuer-Informatik-2026-23-768x1152.jpg 768w, https:\/\/ejustice.ch\/wp-content\/uploads\/2026\/08\/Tagung-fuer-Informatik-2026-23-1024x1536.jpg 1024w, https:\/\/ejustice.ch\/wp-content\/uploads\/2026\/08\/Tagung-fuer-Informatik-2026-23-700x1050.jpg 700w\" sizes=\"auto, (max-width: 1280px) 100vw, 1280px\" \/>\t\t\t\t\t\t<span class=\"aig-gallery-hover\">\n\t\t\t\t\t\t\t\t\t\t\t\t\t<\/span>\n\t\t\t\t\t\t\t\t\t\t\t<\/a>\n\t\t\t\t\t\t\t\t\t<\/div>\n\t\t\t<\/div>\n\t\t\t\t\t\t\t\t<div class=\"qode-aig-image qode-item-space\">\n\t\t\t\t<div class=\"qode-aig-image-inner\">\n\t\t\t\t\t\t\t\t\t\t\t<a itemprop=\"image\" class=\"qode-aig-lightbox\" href=\"https:\/\/ejustice.ch\/wp-content\/uploads\/2026\/08\/Tagung-fuer-Informatik-2026-24.jpg\" data-rel=\"prettyPhoto[image_gallery_pretty_photo-713]\" title=\"Tagung f\u00fcr Informatik 2026-24\">\n\t\t\t\t\t\t\t\t\t\t\t<img loading=\"lazy\" decoding=\"async\" width=\"1280\" height=\"1920\" src=\"https:\/\/ejustice.ch\/wp-content\/uploads\/2026\/08\/Tagung-fuer-Informatik-2026-24.jpg\" class=\"attachment-full size-full\" alt=\"\" srcset=\"https:\/\/ejustice.ch\/wp-content\/uploads\/2026\/08\/Tagung-fuer-Informatik-2026-24.jpg 1280w, https:\/\/ejustice.ch\/wp-content\/uploads\/2026\/08\/Tagung-fuer-Informatik-2026-24-200x300.jpg 200w, https:\/\/ejustice.ch\/wp-content\/uploads\/2026\/08\/Tagung-fuer-Informatik-2026-24-683x1024.jpg 683w, https:\/\/ejustice.ch\/wp-content\/uploads\/2026\/08\/Tagung-fuer-Informatik-2026-24-100x150.jpg 100w, https:\/\/ejustice.ch\/wp-content\/uploads\/2026\/08\/Tagung-fuer-Informatik-2026-24-768x1152.jpg 768w, https:\/\/ejustice.ch\/wp-content\/uploads\/2026\/08\/Tagung-fuer-Informatik-2026-24-1024x1536.jpg 1024w, https:\/\/ejustice.ch\/wp-content\/uploads\/2026\/08\/Tagung-fuer-Informatik-2026-24-700x1050.jpg 700w\" sizes=\"auto, (max-width: 1280px) 100vw, 1280px\" \/>\t\t\t\t\t\t<span class=\"aig-gallery-hover\">\n\t\t\t\t\t\t\t\t\t\t\t\t\t<\/span>\n\t\t\t\t\t\t\t\t\t\t\t<\/a>\n\t\t\t\t\t\t\t\t\t<\/div>\n\t\t\t<\/div>\n\t\t\t\t\t\t\t\t<div class=\"qode-aig-image qode-item-space\">\n\t\t\t\t<div class=\"qode-aig-image-inner\">\n\t\t\t\t\t\t\t\t\t\t\t<a itemprop=\"image\" class=\"qode-aig-lightbox\" href=\"https:\/\/ejustice.ch\/wp-content\/uploads\/2026\/08\/Tagung-fuer-Informatik-2026-25.jpg\" data-rel=\"prettyPhoto[image_gallery_pretty_photo-713]\" title=\"Tagung f\u00fcr Informatik 2026-25\">\n\t\t\t\t\t\t\t\t\t\t\t<img loading=\"lazy\" decoding=\"async\" width=\"1280\" height=\"1920\" src=\"https:\/\/ejustice.ch\/wp-content\/uploads\/2026\/08\/Tagung-fuer-Informatik-2026-25.jpg\" class=\"attachment-full size-full\" alt=\"\" srcset=\"https:\/\/ejustice.ch\/wp-content\/uploads\/2026\/08\/Tagung-fuer-Informatik-2026-25.jpg 1280w, https:\/\/ejustice.ch\/wp-content\/uploads\/2026\/08\/Tagung-fuer-Informatik-2026-25-200x300.jpg 200w, https:\/\/ejustice.ch\/wp-content\/uploads\/2026\/08\/Tagung-fuer-Informatik-2026-25-683x1024.jpg 683w, https:\/\/ejustice.ch\/wp-content\/uploads\/2026\/08\/Tagung-fuer-Informatik-2026-25-100x150.jpg 100w, https:\/\/ejustice.ch\/wp-content\/uploads\/2026\/08\/Tagung-fuer-Informatik-2026-25-768x1152.jpg 768w, https:\/\/ejustice.ch\/wp-content\/uploads\/2026\/08\/Tagung-fuer-Informatik-2026-25-1024x1536.jpg 1024w, https:\/\/ejustice.ch\/wp-content\/uploads\/2026\/08\/Tagung-fuer-Informatik-2026-25-700x1050.jpg 700w\" sizes=\"auto, (max-width: 1280px) 100vw, 1280px\" \/>\t\t\t\t\t\t<span class=\"aig-gallery-hover\">\n\t\t\t\t\t\t\t\t\t\t\t\t\t<\/span>\n\t\t\t\t\t\t\t\t\t\t\t<\/a>\n\t\t\t\t\t\t\t\t\t<\/div>\n\t\t\t<\/div>\n\t\t\t\t\t\t<\/div>\n<\/div>[\/vc_column][\/vc_row]<\/p>\n<\/div>","protected":false},"excerpt":{"rendered":"<p>[vc_row css_animation=&#8221;&#8221; row_type=&#8221;row&#8221; use_row_as_full_screen_section=&#8221;no&#8221; type=&#8221;grid&#8221; angled_section=&#8221;no&#8221; text_align=&#8221;left&#8221; background_image_as_pattern=&#8221;without_pattern&#8221; z_index=&#8221;&#8221; padding_top=&#8221;75&#8243; padding_bottom=&#8221;16&#8243; css=&#8221;.vc_custom_1725360740097{padding-top: 126px !important;padding-bottom: 56px !important;background-color: #ffffff !important;}&#8221; anchor=&#8221;menschen&#8221;][vc_column][vc_column_text css=&#8221;&#8221;] Journ\u00e9e Informatique juridique [\/vc_column_text][vc_empty_space][vc_column_text css=&#8221;&#8221;]Voici quelques impressions de l&#8217;\u00e9dition 2026[\/vc_column_text][vc_empty_space height=&#8221;17px&#8221;][\/vc_column][\/vc_row][vc_row css_animation=&#8221;&#8221; row_type=&#8221;row&#8221; use_row_as_full_screen_section=&#8221;no&#8221; type=&#8221;full_width&#8221; angled_section=&#8221;no&#8221; text_align=&#8221;left&#8221; background_image_as_pattern=&#8221;without_pattern&#8221; css=&#8221;.vc_custom_1730467385148{padding-top: 126px !important;padding-bottom: 55px !important;background-color: #ffffff !important;}&#8221;&#8230;<\/p>\n","protected":false},"author":1,"featured_media":0,"parent":0,"menu_order":0,"comment_status":"closed","ping_status":"closed","template":"","meta":{"footnotes":""},"class_list":["post-4082","page","type-page","status-publish","hentry"],"yoast_head":"<!-- This site is optimized with the Yoast SEO plugin v28.4 - https:\/\/yoast.com\/product\/yoast-seo-wordpress\/ -->\n<title>Impressions de la Journ\u00e9e Informatique juridique 2026 - eJustice.ch<\/title>\n<meta name=\"description\" content=\"D\u00e9couvrez les impressions de la Journ\u00e9e Informatique juridique 2026, organis\u00e9e par l&#039;association eJustice.ch.\" \/>\n<meta name=\"robots\" content=\"index, follow, max-snippet:-1, max-image-preview:large, max-video-preview:-1\" \/>\n<link rel=\"canonical\" href=\"https:\/\/ejustice.ch\/fr\/impressions-de-la-journee-informatique-juridique-2026\/\" \/>\n<meta property=\"og:locale\" content=\"fr_FR\" \/>\n<meta property=\"og:type\" content=\"article\" \/>\n<meta property=\"og:title\" content=\"Impressions de la Journ\u00e9e Informatique juridique 2026 - eJustice.ch\" \/>\n<meta property=\"og:description\" content=\"D\u00e9couvrez les impressions de la Journ\u00e9e Informatique juridique 2026, organis\u00e9e par l&#039;association eJustice.ch.\" \/>\n<meta property=\"og:url\" content=\"https:\/\/ejustice.ch\/fr\/impressions-de-la-journee-informatique-juridique-2026\/\" \/>\n<meta property=\"og:site_name\" content=\"eJustice.ch\" \/>\n<meta property=\"article:modified_time\" content=\"2026-08-24T12:04:52+00:00\" \/>\n<meta name=\"twitter:card\" content=\"summary_large_image\" \/>\n<meta name=\"twitter:label1\" content=\"Dur\u00e9e de lecture estim\u00e9e\" \/>\n\t<meta name=\"twitter:data1\" content=\"1 minute\" \/>\n<script type=\"application\/ld+json\" class=\"yoast-schema-graph\">{\"@context\":\"https:\\\/\\\/schema.org\",\"@graph\":[{\"@type\":\"WebPage\",\"@id\":\"https:\\\/\\\/ejustice.ch\\\/fr\\\/impressions-de-la-journee-informatique-juridique-2026\\\/\",\"url\":\"https:\\\/\\\/ejustice.ch\\\/fr\\\/impressions-de-la-journee-informatique-juridique-2026\\\/\",\"name\":\"Impressions de la Journ\u00e9e Informatique juridique 2026 - eJustice.ch\",\"isPartOf\":{\"@id\":\"https:\\\/\\\/ejustice.ch\\\/fr\\\/#website\"},\"datePublished\":\"2026-08-24T10:13:56+00:00\",\"dateModified\":\"2026-08-24T12:04:52+00:00\",\"description\":\"D\u00e9couvrez les impressions de la Journ\u00e9e Informatique juridique 2026, organis\u00e9e par l'association eJustice.ch.\",\"breadcrumb\":{\"@id\":\"https:\\\/\\\/ejustice.ch\\\/fr\\\/impressions-de-la-journee-informatique-juridique-2026\\\/#breadcrumb\"},\"inLanguage\":\"fr-FR\",\"potentialAction\":[{\"@type\":\"ReadAction\",\"target\":[\"https:\\\/\\\/ejustice.ch\\\/fr\\\/impressions-de-la-journee-informatique-juridique-2026\\\/\"]}]},{\"@type\":\"BreadcrumbList\",\"@id\":\"https:\\\/\\\/ejustice.ch\\\/fr\\\/impressions-de-la-journee-informatique-juridique-2026\\\/#breadcrumb\",\"itemListElement\":[{\"@type\":\"ListItem\",\"position\":1,\"name\":\"Startseite\",\"item\":\"https:\\\/\\\/ejustice.ch\\\/fr\\\/\"},{\"@type\":\"ListItem\",\"position\":2,\"name\":\"Impressions de la Journ\u00e9e Informatique juridique 2026\"}]},{\"@type\":\"WebSite\",\"@id\":\"https:\\\/\\\/ejustice.ch\\\/fr\\\/#website\",\"url\":\"https:\\\/\\\/ejustice.ch\\\/fr\\\/\",\"name\":\"eJustice.ch\",\"description\":\"Verein zur F\u00f6rderung von Informationstechnologie in der Rechtspflege.\",\"publisher\":{\"@id\":\"https:\\\/\\\/ejustice.ch\\\/fr\\\/#organization\"},\"potentialAction\":[{\"@type\":\"SearchAction\",\"target\":{\"@type\":\"EntryPoint\",\"urlTemplate\":\"https:\\\/\\\/ejustice.ch\\\/fr\\\/?s={search_term_string}\"},\"query-input\":{\"@type\":\"PropertyValueSpecification\",\"valueRequired\":true,\"valueName\":\"search_term_string\"}}],\"inLanguage\":\"fr-FR\"},{\"@type\":\"Organization\",\"@id\":\"https:\\\/\\\/ejustice.ch\\\/fr\\\/#organization\",\"name\":\"eJustice.ch\",\"url\":\"https:\\\/\\\/ejustice.ch\\\/fr\\\/\",\"logo\":{\"@type\":\"ImageObject\",\"inLanguage\":\"fr-FR\",\"@id\":\"https:\\\/\\\/ejustice.ch\\\/fr\\\/#\\\/schema\\\/logo\\\/image\\\/\",\"url\":\"https:\\\/\\\/ejustice.ch\\\/wp-content\\\/uploads\\\/2024\\\/07\\\/eJustice_Logo_Original_Web.png\",\"contentUrl\":\"https:\\\/\\\/ejustice.ch\\\/wp-content\\\/uploads\\\/2024\\\/07\\\/eJustice_Logo_Original_Web.png\",\"width\":637,\"height\":96,\"caption\":\"eJustice.ch\"},\"image\":{\"@id\":\"https:\\\/\\\/ejustice.ch\\\/fr\\\/#\\\/schema\\\/logo\\\/image\\\/\"}}]}<\/script>\n<!-- \/ Yoast SEO plugin. -->","yoast_head_json":{"title":"Impressions de la Journ\u00e9e Informatique juridique 2026 - eJustice.ch","description":"D\u00e9couvrez les impressions de la Journ\u00e9e Informatique juridique 2026, organis\u00e9e par l'association eJustice.ch.","robots":{"index":"index","follow":"follow","max-snippet":"max-snippet:-1","max-image-preview":"max-image-preview:large","max-video-preview":"max-video-preview:-1"},"canonical":"https:\/\/ejustice.ch\/fr\/impressions-de-la-journee-informatique-juridique-2026\/","og_locale":"fr_FR","og_type":"article","og_title":"Impressions de la Journ\u00e9e Informatique juridique 2026 - eJustice.ch","og_description":"D\u00e9couvrez les impressions de la Journ\u00e9e Informatique juridique 2026, organis\u00e9e par l'association eJustice.ch.","og_url":"https:\/\/ejustice.ch\/fr\/impressions-de-la-journee-informatique-juridique-2026\/","og_site_name":"eJustice.ch","article_modified_time":"2026-08-24T12:04:52+00:00","twitter_card":"summary_large_image","twitter_misc":{"Dur\u00e9e de lecture estim\u00e9e":"1 minute"},"schema":{"@context":"https:\/\/schema.org","@graph":[{"@type":"WebPage","@id":"https:\/\/ejustice.ch\/fr\/impressions-de-la-journee-informatique-juridique-2026\/","url":"https:\/\/ejustice.ch\/fr\/impressions-de-la-journee-informatique-juridique-2026\/","name":"Impressions de la Journ\u00e9e Informatique juridique 2026 - eJustice.ch","isPartOf":{"@id":"https:\/\/ejustice.ch\/fr\/#website"},"datePublished":"2026-08-24T10:13:56+00:00","dateModified":"2026-08-24T12:04:52+00:00","description":"D\u00e9couvrez les impressions de la Journ\u00e9e Informatique juridique 2026, organis\u00e9e par l'association eJustice.ch.","breadcrumb":{"@id":"https:\/\/ejustice.ch\/fr\/impressions-de-la-journee-informatique-juridique-2026\/#breadcrumb"},"inLanguage":"fr-FR","potentialAction":[{"@type":"ReadAction","target":["https:\/\/ejustice.ch\/fr\/impressions-de-la-journee-informatique-juridique-2026\/"]}]},{"@type":"BreadcrumbList","@id":"https:\/\/ejustice.ch\/fr\/impressions-de-la-journee-informatique-juridique-2026\/#breadcrumb","itemListElement":[{"@type":"ListItem","position":1,"name":"Startseite","item":"https:\/\/ejustice.ch\/fr\/"},{"@type":"ListItem","position":2,"name":"Impressions de la Journ\u00e9e Informatique juridique 2026"}]},{"@type":"WebSite","@id":"https:\/\/ejustice.ch\/fr\/#website","url":"https:\/\/ejustice.ch\/fr\/","name":"eJustice.ch","description":"Verein zur F\u00f6rderung von Informationstechnologie in der Rechtspflege.","publisher":{"@id":"https:\/\/ejustice.ch\/fr\/#organization"},"potentialAction":[{"@type":"SearchAction","target":{"@type":"EntryPoint","urlTemplate":"https:\/\/ejustice.ch\/fr\/?s={search_term_string}"},"query-input":{"@type":"PropertyValueSpecification","valueRequired":true,"valueName":"search_term_string"}}],"inLanguage":"fr-FR"},{"@type":"Organization","@id":"https:\/\/ejustice.ch\/fr\/#organization","name":"eJustice.ch","url":"https:\/\/ejustice.ch\/fr\/","logo":{"@type":"ImageObject","inLanguage":"fr-FR","@id":"https:\/\/ejustice.ch\/fr\/#\/schema\/logo\/image\/","url":"https:\/\/ejustice.ch\/wp-content\/uploads\/2024\/07\/eJustice_Logo_Original_Web.png","contentUrl":"https:\/\/ejustice.ch\/wp-content\/uploads\/2024\/07\/eJustice_Logo_Original_Web.png","width":637,"height":96,"caption":"eJustice.ch"},"image":{"@id":"https:\/\/ejustice.ch\/fr\/#\/schema\/logo\/image\/"}}]}},"_links":{"self":[{"href":"https:\/\/ejustice.ch\/fr\/wp-json\/wp\/v2\/pages\/4082","targetHints":{"allow":["GET"]}}],"collection":[{"href":"https:\/\/ejustice.ch\/fr\/wp-json\/wp\/v2\/pages"}],"about":[{"href":"https:\/\/ejustice.ch\/fr\/wp-json\/wp\/v2\/types\/page"}],"author":[{"embeddable":true,"href":"https:\/\/ejustice.ch\/fr\/wp-json\/wp\/v2\/users\/1"}],"replies":[{"embeddable":true,"href":"https:\/\/ejustice.ch\/fr\/wp-json\/wp\/v2\/comments?post=4082"}],"version-history":[{"count":5,"href":"https:\/\/ejustice.ch\/fr\/wp-json\/wp\/v2\/pages\/4082\/revisions"}],"predecessor-version":[{"id":4142,"href":"https:\/\/ejustice.ch\/fr\/wp-json\/wp\/v2\/pages\/4082\/revisions\/4142"}],"wp:attachment":[{"href":"https:\/\/ejustice.ch\/fr\/wp-json\/wp\/v2\/media?parent=4082"}],"curies":[{"name":"wp","href":"https:\/\/api.w.org\/{rel}","templated":true}]}}